{"id":1815,"date":"2020-02-27T00:00:21","date_gmt":"2020-02-26T23:00:21","guid":{"rendered":"https:\/\/rus.gotland.se\/?page_id=1815"},"modified":"2021-03-17T08:32:33","modified_gmt":"2021-03-17T07:32:33","slug":"vad-ar-en-regional-utvecklingsstrategi","status":"publish","type":"page","link":"https:\/\/rus.gotland.se\/?page_id=1815","title":{"rendered":"V\u00e5rt Gotland 2040 \u2013 v\u00e5r regionala utvecklingsstrategi"},"content":{"rendered":"<p>[et_pb_section fb_built=&#8221;1&#8243; fullwidth=&#8221;on&#8221; _builder_version=&#8221;4.2.2&#8243; background_color=&#8221;rgba(0,0,0,0)&#8221; background_enable_image=&#8221;off&#8221; background_position=&#8221;top_center&#8221; z_index=&#8221;0&#8243; height=&#8221;50vh&#8221; height_tablet=&#8221;40vh&#8221; height_phone=&#8221;30vh&#8221; height_last_edited=&#8221;on|desktop&#8221;][et_pb_fullwidth_image src=&#8221;https:\/\/rus.gotland.se\/wp-content\/uploads\/2020\/02\/RUS_foto_crop_02.jpg&#8221; alt=&#8221;Pappa och son med famnarna fulla av svamp&#8221; module_class=&#8221;headerbild&#8221; _builder_version=&#8221;4.2.2&#8243; height=&#8221;100%&#8221;][\/et_pb_fullwidth_image][\/et_pb_section][et_pb_section fb_built=&#8221;1&#8243; _builder_version=&#8221;4.2.2&#8243; background_enable_color=&#8221;off&#8221; use_background_color_gradient=&#8221;on&#8221; background_color_gradient_start=&#8221;rgba(162,189,48,0.39)&#8221; background_color_gradient_end=&#8221;rgba(3,124,194,0.43)&#8221; background_color_gradient_direction=&#8221;244deg&#8221; positioning=&#8221;none&#8221; custom_margin=&#8221;0px||0px||true|false&#8221; custom_padding=&#8221;0px||0px||true|false&#8221; global_module=&#8221;2290&#8243; saved_tabs=&#8221;all&#8221;][et_pb_row _builder_version=&#8221;4.2.2&#8243; width_tablet=&#8221;&#8221; width_phone=&#8221;90%&#8221; width_last_edited=&#8221;on|phone&#8221; custom_padding=&#8221;0px||0px||true|false&#8221;][et_pb_column type=&#8221;4_4&#8243; _builder_version=&#8221;4.2.2&#8243;][et_pb_text _builder_version=&#8221;4.2.2&#8243; text_text_color=&#8221;#55565a&#8221; text_font_size=&#8221;0.8rem&#8221; text_line_height=&#8221;1.6rem&#8221; header_text_color=&#8221;#55565a&#8221; header_2_text_color=&#8221;#55565a&#8221; header_2_font_size=&#8221;1.5rem&#8221; max_width=&#8221;650px&#8221; max_width_tablet=&#8221;&#8221; max_width_phone=&#8221;&#8221; max_width_last_edited=&#8221;on|desktop&#8221; module_alignment=&#8221;left&#8221; custom_margin=&#8221;1rem||1rem||true|false&#8221; text_line_height_tablet=&#8221;&#8221; text_line_height_phone=&#8221;&#8221; text_line_height_last_edited=&#8221;on|tablet&#8221; header_2_font_size_tablet=&#8221;&#8221; header_2_font_size_phone=&#8221;1.2rem&#8221; header_2_font_size_last_edited=&#8221;on|phone&#8221;]<\/p>\n<span><span><a href=\"https:\/\/rus.gotland.se\/\">V\u00e5rt Gotland 2040<\/a><\/span><\/span>\n<p>[\/et_pb_text][\/et_pb_column][\/et_pb_row][\/et_pb_section][et_pb_section fb_built=&#8221;1&#8243; admin_label=&#8221;Sektion &#8211; Insatsomr\u00e5de&#8221; _builder_version=&#8221;3.29.2&#8243; custom_padding=&#8221;0px||0px|||&#8221;][et_pb_row column_structure=&#8221;3_5,2_5&#8243; use_custom_gutter=&#8221;on&#8221; gutter_width=&#8221;2&#8243; make_equal=&#8221;on&#8221; admin_label=&#8221;Rad insatsomr\u00e5de&#8221; _builder_version=&#8221;3.29.2&#8243; width_tablet=&#8221;&#8221; width_phone=&#8221;90%&#8221; width_last_edited=&#8221;on|phone&#8221; custom_margin=&#8221;1rem|auto|1rem||true|false&#8221;][et_pb_column type=&#8221;3_5&#8243; _builder_version=&#8221;3.29.2&#8243;][et_pb_text _builder_version=&#8221;4.2.2&#8243; text_text_color=&#8221;#55565a&#8221; text_font_size=&#8221;1.2rem&#8221; text_line_height=&#8221;1.8rem&#8221; header_text_color=&#8221;#55565a&#8221; header_2_text_color=&#8221;#55565a&#8221; header_2_font_size=&#8221;1.5rem&#8221; max_width=&#8221;650px&#8221; max_width_tablet=&#8221;&#8221; max_width_phone=&#8221;&#8221; max_width_last_edited=&#8221;on|desktop&#8221; module_alignment=&#8221;left&#8221; custom_margin=&#8221;||1rem||false|false&#8221; text_line_height_tablet=&#8221;&#8221; text_line_height_phone=&#8221;&#8221; text_line_height_last_edited=&#8221;on|tablet&#8221; header_2_font_size_tablet=&#8221;&#8221; header_2_font_size_phone=&#8221;1.2rem&#8221; header_2_font_size_last_edited=&#8221;on|phone&#8221;]<\/p>\n<h1>V\u00e5rt Gotland 2040 \u2013<br \/>v\u00e5r regionala utvecklingsstrategi<\/h1>\n<p>V\u00e5rt Gotland 2040 \u00e4r en strategi f\u00f6r en l\u00e5ngsiktig h\u00e5llbar regional utveckling f\u00f6r Gotland. M\u00e5l och inriktning s\u00e4tts utifr\u00e5n Gotlands f\u00f6ruts\u00e4ttningar och vad vi regionalt vill prioritera, men i samspel med m\u00e5l p\u00e5 nationell, europeisk och internationell niv\u00e5. V\u00e5rt Gotland 2040 syftar till b\u00e4sta m\u00f6jliga framtid f\u00f6r oss som bor och verkar p\u00e5 Gotland och f\u00f6r alla som bes\u00f6ker v\u00e5r \u00f6.<\/p>\n<p>[\/et_pb_text][et_pb_text _builder_version=&#8221;4.2.2&#8243; text_font_size=&#8221;1rem&#8221; header_text_color=&#8221;#55565a&#8221; header_2_text_color=&#8221;#55565a&#8221; header_2_font_size=&#8221;1.5rem&#8221; header_3_text_color=&#8221;#55565a&#8221; max_width=&#8221;650px&#8221; max_width_tablet=&#8221;&#8221; max_width_phone=&#8221;&#8221; max_width_last_edited=&#8221;on|desktop&#8221; module_alignment=&#8221;left&#8221; custom_margin=&#8221;||1rem||false|false&#8221; header_2_font_size_tablet=&#8221;&#8221; header_2_font_size_phone=&#8221;1.2rem&#8221; header_2_font_size_last_edited=&#8221;on|desktop&#8221;]<\/p>\n<p>Det formella uppdraget kommer fr\u00e5n lagen om regionalt utvecklingsansvar som s\u00e4ger att den regionalt utvecklingsansvariga akt\u00f6ren &#8211; Region Gotland \u2013 i samverkan med myndigheter, n\u00e4ringsliv och civilsamh\u00e4lle, ska ta fram en strategi f\u00f6r en l\u00e5ngsiktig h\u00e5llbar regional utveckling f\u00f6r Gotland.<\/p>\n<p>Den regionala utvecklingsstrategin ska uppr\u00e4ttas utifr\u00e5n en analys av de s\u00e4rskilda f\u00f6ruts\u00e4ttningarna f\u00f6r h\u00e5llbar regional utveckling i regionen. I uppdraget som regionalt utvecklingsansvarig ing\u00e5r ocks\u00e5 att leda och samordna insatser f\u00f6r att genomf\u00f6ra strategin och att f\u00f6lja upp resultaten. Den regionala utvecklingsstrategin ska bidra till samverkan mellan akt\u00f6rer p\u00e5 lokal, regional, nationell och internationell niv\u00e5 och \u00e4ven mellan olika regioner.<\/p>\n<p>[\/et_pb_text][et_pb_text module_id=&#8221;hur-anvandas&#8221; _builder_version=&#8221;4.2.2&#8243; text_font_size=&#8221;1rem&#8221; header_text_color=&#8221;#55565a&#8221; header_2_text_color=&#8221;#55565a&#8221; header_2_font_size=&#8221;1.5rem&#8221; header_3_text_color=&#8221;#55565a&#8221; max_width=&#8221;650px&#8221; max_width_tablet=&#8221;&#8221; max_width_phone=&#8221;&#8221; max_width_last_edited=&#8221;on|desktop&#8221; module_alignment=&#8221;left&#8221; custom_margin=&#8221;||1rem||false|false&#8221; hover_enabled=&#8221;0&#8243; header_2_font_size_tablet=&#8221;&#8221; header_2_font_size_phone=&#8221;1.2rem&#8221; header_2_font_size_last_edited=&#8221;on|desktop&#8221;]<\/p>\n<p>F\u00f6r att n\u00e5 en h\u00e5llbar regional utveckling \u00e4r m\u00e5l inom m\u00e5nga olika politikomr\u00e5den och insatser inom en rad olika samh\u00e4llsomr\u00e5den av betydelse. V\u00e5ra m\u00e5l och prioriteringar samspelar med m\u00e5l p\u00e5 nationell niv\u00e5, EU-niv\u00e5 och med internationella m\u00e5l som FN:s globala m\u00e5l f\u00f6r h\u00e5llbar utveckling.<\/p>\n<p>V\u00e5rt regionala utvecklingsarbete ska bidra till att uppfylla det nationella m\u00e5let f\u00f6r den regionala utvecklingspolitiken<\/p>\n<ul>\n<li>Utvecklingskraft med st\u00e4rkt lokal och regional konkurrenskraft f\u00f6r en h\u00e5llbar utveckling i alla delar av landet <br \/>och det nationella m\u00e5let f\u00f6r en sammanh\u00e5llen politik f\u00f6r Sveriges landsbygder.<\/li>\n<li>En livskraftig landsbygd med likv\u00e4rdiga m\u00f6jligheter till f\u00f6retagande, arbete, boende och v\u00e4lf\u00e4rd som leder till en l\u00e5ngsiktigt h\u00e5llbar utveckling i hela landet.<\/li>\n<\/ul>\n<p>[\/et_pb_text][\/et_pb_column][et_pb_column type=&#8221;2_5&#8243; _builder_version=&#8221;3.29.2&#8243;][et_pb_text _builder_version=&#8221;4.2.2&#8243; text_text_color=&#8221;#55565a&#8221; text_font_size=&#8221;1rem&#8221; text_line_height=&#8221;1.6rem&#8221; header_2_text_color=&#8221;#55565a&#8221; header_3_text_color=&#8221;#ffffff&#8221; background_color=&#8221;#dfebf9&#8243; width=&#8221;100%&#8221; max_width=&#8221;650px&#8221; custom_margin=&#8221;||1rem||false|false&#8221; custom_padding=&#8221;1rem|1rem|1rem|1rem|false|true&#8221; animation_direction=&#8221;left&#8221; transform_styles__hover_enabled=&#8221;off|hover&#8221; transform_scale__hover_enabled=&#8221;off|hover&#8221; transform_translate__hover_enabled=&#8221;off|hover&#8221; transform_rotate__hover_enabled=&#8221;off|hover&#8221; transform_skew__hover_enabled=&#8221;off|hover&#8221; transform_origin__hover_enabled=&#8221;off|hover&#8221; transform_scale__hover=&#8221;102%|102%&#8221;]<\/p>\n<h2>Ordet Vi<\/h2>\n<p>I strategin anv\u00e4nds ordet Vi. Det \u00e4r ett inkluderande <em>vi<\/em> som avses, f\u00f6r att visa p\u00e5 att utvecklingen p\u00e5 Gotland \u00e4r en angel\u00e4genhet f\u00f6r alla och att alla d\u00e4rmed kan bidra.<\/p>\n<p><em>Vi<\/em> betyder alla organisationer som bidrar till att genomf\u00f6ra strategin, som bidrar till en h\u00e5llbar utveckling och till att Gotland blir den b\u00e4sta m\u00f6jliga platsen att leva p\u00e5. <em>Vi<\/em> betyder ocks\u00e5 alla gotl\u00e4nningar, alla potentiella gotl\u00e4nningar, deltidsgotl\u00e4nningar, alla som vill Gotland v\u00e4l.<\/p>\n<p>Med orden <em>vi<\/em> och<em> V\u00e5rt<\/em> Gotland s\u00e4tts det gemensamma b\u00e4sta i fokus och det faktum att det \u00e4r tillsammans som f\u00f6r\u00e4ndring kan \u00e5stadkommas.<\/p>\n<p>[\/et_pb_text][et_pb_image src=&#8221;https:\/\/rus.gotland.se\/wp-content\/uploads\/2021\/03\/Samverkan-niv\u00e5er.png&#8221; alt=&#8221;Samverkan niv\u00e5er&#8221; _builder_version=&#8221;4.2.2&#8243;][\/et_pb_image][\/et_pb_column][\/et_pb_row][et_pb_row _builder_version=&#8221;4.2.2&#8243; positioning=&#8221;none&#8221; z_index=&#8221;1&#8243; width=&#8221;50%&#8221; width_tablet=&#8221;80%&#8221; width_phone=&#8221;&#8221; width_last_edited=&#8221;on|desktop&#8221; module_alignment=&#8221;center&#8221; custom_margin=&#8221;1rem||1rem||true|false&#8221; custom_padding=&#8221;0px||0px||true|false&#8221; global_module=&#8221;1540&#8243; saved_tabs=&#8221;all&#8221;][et_pb_column type=&#8221;4_4&#8243; _builder_version=&#8221;4.2.2&#8243;][\/et_pb_column][\/et_pb_row][\/et_pb_section][et_pb_section fb_built=&#8221;1&#8243; _builder_version=&#8221;4.2.2&#8243; background_enable_color=&#8221;off&#8221; use_background_color_gradient=&#8221;on&#8221; background_color_gradient_start=&#8221;rgba(162,189,48,0.39)&#8221; background_color_gradient_end=&#8221;rgba(3,124,194,0.43)&#8221; background_color_gradient_direction=&#8221;244deg&#8221; custom_margin=&#8221;0px||0px||true|false&#8221; custom_padding=&#8221;0px||0px||true|false&#8221; global_module=&#8221;2291&#8243; saved_tabs=&#8221;all&#8221;][et_pb_row _builder_version=&#8221;4.2.2&#8243; width_tablet=&#8221;&#8221; width_phone=&#8221;90%&#8221; width_last_edited=&#8221;on|phone&#8221; custom_margin=&#8221;0px|auto|0px||true|false&#8221; custom_padding=&#8221;0px||0px||true|false&#8221;][et_pb_column type=&#8221;4_4&#8243; _builder_version=&#8221;4.2.2&#8243;][et_pb_text _builder_version=&#8221;4.2.2&#8243; text_text_color=&#8221;#55565a&#8221; text_font_size=&#8221;0.8rem&#8221; text_line_height=&#8221;1.6rem&#8221; header_text_color=&#8221;#55565a&#8221; header_2_text_color=&#8221;#55565a&#8221; header_2_font_size=&#8221;1.5rem&#8221; max_width=&#8221;650px&#8221; max_width_tablet=&#8221;&#8221; max_width_phone=&#8221;&#8221; max_width_last_edited=&#8221;on|desktop&#8221; module_alignment=&#8221;left&#8221; custom_margin=&#8221;0rem||0rem||true|false&#8221; text_line_height_tablet=&#8221;&#8221; text_line_height_phone=&#8221;&#8221; text_line_height_last_edited=&#8221;on|tablet&#8221; header_2_font_size_tablet=&#8221;&#8221; header_2_font_size_phone=&#8221;1.2rem&#8221; header_2_font_size_last_edited=&#8221;on|phone&#8221;]<\/p>\n\n<p>[\/et_pb_text][\/et_pb_column][\/et_pb_row][\/et_pb_section]<\/p>\n","protected":false},"excerpt":{"rendered":"<p><span><span><a href=\"https:\/\/rus.gotland.se\/\">V\u00e5rt Gotland 2040<\/a><\/span><\/span>V\u00e5rt Gotland 2040 \u2013v\u00e5r regionala utvecklingsstrategi V\u00e5rt Gotland 2040 \u00e4r en strategi f\u00f6r en l\u00e5ngsiktig h\u00e5llbar regional utveckling f\u00f6r Gotland. M\u00e5l och inriktning s\u00e4tts utifr\u00e5n Gotlands f\u00f6ruts\u00e4ttningar och vad vi regionalt vill prioritera, men i samspel med m\u00e5l p\u00e5 nationell, europeisk och internationell niv\u00e5. V\u00e5rt Gotland 2040 syftar till b\u00e4sta m\u00f6jliga framtid f\u00f6r oss som [&hellip;]<\/p>\n","protected":false},"author":1,"featured_media":0,"parent":0,"menu_order":0,"comment_status":"closed","ping_status":"closed","template":"","meta":{"_acf_changed":false,"_et_pb_use_builder":"on","_et_pb_old_content":"","_et_gb_content_width":"","_lmt_disableupdate":"no","_lmt_disable":"","footnotes":""},"categories":[22,19],"tags":[],"class_list":["post-1815","page","type-page","status-publish","hentry","category-om-rus","category-rus"],"acf":[],"yoast_head":"<!-- This site is optimized with the Yoast SEO plugin v26.9 - https:\/\/yoast.com\/product\/yoast-seo-wordpress\/ -->\n<title>V\u00e5rt Gotland 2040 \u2013 v\u00e5r regionala utvecklingsstrategi - V\u00e5rt Gotland 2040<\/title>\n<meta name=\"robots\" content=\"index, follow, max-snippet:-1, max-image-preview:large, max-video-preview:-1\" \/>\n<link rel=\"canonical\" href=\"https:\/\/rus.gotland.se\/?page_id=1815\" \/>\n<meta property=\"og:locale\" content=\"sv_SE\" \/>\n<meta property=\"og:type\" content=\"article\" \/>\n<meta property=\"og:title\" content=\"V\u00e5rt Gotland 2040 \u2013 v\u00e5r regionala utvecklingsstrategi - V\u00e5rt Gotland 2040\" \/>\n<meta property=\"og:description\" content=\"V\u00e5rt Gotland 2040 \u2013v\u00e5r regionala utvecklingsstrategi V\u00e5rt Gotland 2040 \u00e4r en strategi f\u00f6r en l\u00e5ngsiktig h\u00e5llbar regional utveckling f\u00f6r Gotland. M\u00e5l och inriktning s\u00e4tts utifr\u00e5n Gotlands f\u00f6ruts\u00e4ttningar och vad vi regionalt vill prioritera, men i samspel med m\u00e5l p\u00e5 nationell, europeisk och internationell niv\u00e5. V\u00e5rt Gotland 2040 syftar till b\u00e4sta m\u00f6jliga framtid f\u00f6r oss som [&hellip;]\" \/>\n<meta property=\"og:url\" content=\"https:\/\/rus.gotland.se\/?page_id=1815\" \/>\n<meta property=\"og:site_name\" content=\"V\u00e5rt Gotland 2040\" \/>\n<meta property=\"article:modified_time\" content=\"2021-03-17T07:32:33+00:00\" \/>\n<meta property=\"og:image\" content=\"https:\/\/rus.gotland.se\/wp-content\/uploads\/2019\/11\/Rus_ill_0.png\" \/>\n\t<meta property=\"og:image:width\" content=\"1920\" \/>\n\t<meta property=\"og:image:height\" content=\"1080\" \/>\n\t<meta property=\"og:image:type\" content=\"image\/png\" \/>\n<meta name=\"twitter:card\" content=\"summary_large_image\" \/>\n<meta name=\"twitter:label1\" content=\"Ber\u00e4knad l\u00e4stid\" \/>\n\t<meta name=\"twitter:data1\" content=\"7 minuter\" \/>\n<script type=\"application\/ld+json\" class=\"yoast-schema-graph\">{\"@context\":\"https:\/\/schema.org\",\"@graph\":[{\"@type\":\"WebPage\",\"@id\":\"https:\/\/rus.gotland.se\/?page_id=1815\",\"url\":\"https:\/\/rus.gotland.se\/?page_id=1815\",\"name\":\"V\u00e5rt Gotland 2040 \u2013 v\u00e5r regionala utvecklingsstrategi - V\u00e5rt Gotland 2040\",\"isPartOf\":{\"@id\":\"https:\/\/rus.gotland.se\/#website\"},\"datePublished\":\"2020-02-26T23:00:21+00:00\",\"dateModified\":\"2021-03-17T07:32:33+00:00\",\"breadcrumb\":{\"@id\":\"https:\/\/rus.gotland.se\/?page_id=1815#breadcrumb\"},\"inLanguage\":\"sv-SE\",\"potentialAction\":[{\"@type\":\"ReadAction\",\"target\":[\"https:\/\/rus.gotland.se\/?page_id=1815\"]}]},{\"@type\":\"BreadcrumbList\",\"@id\":\"https:\/\/rus.gotland.se\/?page_id=1815#breadcrumb\",\"itemListElement\":[{\"@type\":\"ListItem\",\"position\":1,\"name\":\"V\u00e5rt Gotland 2040\",\"item\":\"https:\/\/rus.gotland.se\/\"},{\"@type\":\"ListItem\",\"position\":2,\"name\":\"V\u00e5rt Gotland 2040 \u2013 v\u00e5r regionala utvecklingsstrategi\"}]},{\"@type\":\"WebSite\",\"@id\":\"https:\/\/rus.gotland.se\/#website\",\"url\":\"https:\/\/rus.gotland.se\/\",\"name\":\"V\u00e5rt Gotland 2040\",\"description\":\"Regional utvecklingsstrategi - RUS | Region Gotland\",\"publisher\":{\"@id\":\"https:\/\/rus.gotland.se\/#organization\"},\"potentialAction\":[{\"@type\":\"SearchAction\",\"target\":{\"@type\":\"EntryPoint\",\"urlTemplate\":\"https:\/\/rus.gotland.se\/?s={search_term_string}\"},\"query-input\":{\"@type\":\"PropertyValueSpecification\",\"valueRequired\":true,\"valueName\":\"search_term_string\"}}],\"inLanguage\":\"sv-SE\"},{\"@type\":\"Organization\",\"@id\":\"https:\/\/rus.gotland.se\/#organization\",\"name\":\"Region Gotland\",\"url\":\"https:\/\/rus.gotland.se\/\",\"logo\":{\"@type\":\"ImageObject\",\"inLanguage\":\"sv-SE\",\"@id\":\"https:\/\/rus.gotland.se\/#\/schema\/logo\/image\/\",\"url\":\"https:\/\/rus.gotland.se\/wp-content\/uploads\/2019\/09\/RG_logo.png\",\"contentUrl\":\"https:\/\/rus.gotland.se\/wp-content\/uploads\/2019\/09\/RG_logo.png\",\"width\":900,\"height\":368,\"caption\":\"Region Gotland\"},\"image\":{\"@id\":\"https:\/\/rus.gotland.se\/#\/schema\/logo\/image\/\"}}]}<\/script>\n<!-- \/ Yoast SEO plugin. -->","yoast_head_json":{"title":"V\u00e5rt Gotland 2040 \u2013 v\u00e5r regionala utvecklingsstrategi - V\u00e5rt Gotland 2040","robots":{"index":"index","follow":"follow","max-snippet":"max-snippet:-1","max-image-preview":"max-image-preview:large","max-video-preview":"max-video-preview:-1"},"canonical":"https:\/\/rus.gotland.se\/?page_id=1815","og_locale":"sv_SE","og_type":"article","og_title":"V\u00e5rt Gotland 2040 \u2013 v\u00e5r regionala utvecklingsstrategi - V\u00e5rt Gotland 2040","og_description":"V\u00e5rt Gotland 2040 \u2013v\u00e5r regionala utvecklingsstrategi V\u00e5rt Gotland 2040 \u00e4r en strategi f\u00f6r en l\u00e5ngsiktig h\u00e5llbar regional utveckling f\u00f6r Gotland. M\u00e5l och inriktning s\u00e4tts utifr\u00e5n Gotlands f\u00f6ruts\u00e4ttningar och vad vi regionalt vill prioritera, men i samspel med m\u00e5l p\u00e5 nationell, europeisk och internationell niv\u00e5. V\u00e5rt Gotland 2040 syftar till b\u00e4sta m\u00f6jliga framtid f\u00f6r oss som [&hellip;]","og_url":"https:\/\/rus.gotland.se\/?page_id=1815","og_site_name":"V\u00e5rt Gotland 2040","article_modified_time":"2021-03-17T07:32:33+00:00","og_image":[{"width":1920,"height":1080,"url":"https:\/\/rus.gotland.se\/wp-content\/uploads\/2019\/11\/Rus_ill_0.png","type":"image\/png"}],"twitter_card":"summary_large_image","twitter_misc":{"Ber\u00e4knad l\u00e4stid":"7 minuter"},"schema":{"@context":"https:\/\/schema.org","@graph":[{"@type":"WebPage","@id":"https:\/\/rus.gotland.se\/?page_id=1815","url":"https:\/\/rus.gotland.se\/?page_id=1815","name":"V\u00e5rt Gotland 2040 \u2013 v\u00e5r regionala utvecklingsstrategi - V\u00e5rt Gotland 2040","isPartOf":{"@id":"https:\/\/rus.gotland.se\/#website"},"datePublished":"2020-02-26T23:00:21+00:00","dateModified":"2021-03-17T07:32:33+00:00","breadcrumb":{"@id":"https:\/\/rus.gotland.se\/?page_id=1815#breadcrumb"},"inLanguage":"sv-SE","potentialAction":[{"@type":"ReadAction","target":["https:\/\/rus.gotland.se\/?page_id=1815"]}]},{"@type":"BreadcrumbList","@id":"https:\/\/rus.gotland.se\/?page_id=1815#breadcrumb","itemListElement":[{"@type":"ListItem","position":1,"name":"V\u00e5rt Gotland 2040","item":"https:\/\/rus.gotland.se\/"},{"@type":"ListItem","position":2,"name":"V\u00e5rt Gotland 2040 \u2013 v\u00e5r regionala utvecklingsstrategi"}]},{"@type":"WebSite","@id":"https:\/\/rus.gotland.se\/#website","url":"https:\/\/rus.gotland.se\/","name":"V\u00e5rt Gotland 2040","description":"Regional utvecklingsstrategi - RUS | Region Gotland","publisher":{"@id":"https:\/\/rus.gotland.se\/#organization"},"potentialAction":[{"@type":"SearchAction","target":{"@type":"EntryPoint","urlTemplate":"https:\/\/rus.gotland.se\/?s={search_term_string}"},"query-input":{"@type":"PropertyValueSpecification","valueRequired":true,"valueName":"search_term_string"}}],"inLanguage":"sv-SE"},{"@type":"Organization","@id":"https:\/\/rus.gotland.se\/#organization","name":"Region Gotland","url":"https:\/\/rus.gotland.se\/","logo":{"@type":"ImageObject","inLanguage":"sv-SE","@id":"https:\/\/rus.gotland.se\/#\/schema\/logo\/image\/","url":"https:\/\/rus.gotland.se\/wp-content\/uploads\/2019\/09\/RG_logo.png","contentUrl":"https:\/\/rus.gotland.se\/wp-content\/uploads\/2019\/09\/RG_logo.png","width":900,"height":368,"caption":"Region Gotland"},"image":{"@id":"https:\/\/rus.gotland.se\/#\/schema\/logo\/image\/"}}]}},"_links":{"self":[{"href":"https:\/\/rus.gotland.se\/index.php?rest_route=\/wp\/v2\/pages\/1815","targetHints":{"allow":["GET"]}}],"collection":[{"href":"https:\/\/rus.gotland.se\/index.php?rest_route=\/wp\/v2\/pages"}],"about":[{"href":"https:\/\/rus.gotland.se\/index.php?rest_route=\/wp\/v2\/types\/page"}],"author":[{"embeddable":true,"href":"https:\/\/rus.gotland.se\/index.php?rest_route=\/wp\/v2\/users\/1"}],"replies":[{"embeddable":true,"href":"https:\/\/rus.gotland.se\/index.php?rest_route=%2Fwp%2Fv2%2Fcomments&post=1815"}],"version-history":[{"count":25,"href":"https:\/\/rus.gotland.se\/index.php?rest_route=\/wp\/v2\/pages\/1815\/revisions"}],"predecessor-version":[{"id":3448,"href":"https:\/\/rus.gotland.se\/index.php?rest_route=\/wp\/v2\/pages\/1815\/revisions\/3448"}],"wp:attachment":[{"href":"https:\/\/rus.gotland.se\/index.php?rest_route=%2Fwp%2Fv2%2Fmedia&parent=1815"}],"wp:term":[{"taxonomy":"category","embeddable":true,"href":"https:\/\/rus.gotland.se\/index.php?rest_route=%2Fwp%2Fv2%2Fcategories&post=1815"},{"taxonomy":"post_tag","embeddable":true,"href":"https:\/\/rus.gotland.se\/index.php?rest_route=%2Fwp%2Fv2%2Ftags&post=1815"}],"curies":[{"name":"wp","href":"https:\/\/api.w.org\/{rel}","templated":true}]}}